{"id":2135,"date":"2020-05-03T20:00:37","date_gmt":"2020-05-03T18:00:37","guid":{"rendered":"http:\/\/v4.la-grave.com\/?page_id=2135"},"modified":"2025-10-17T12:34:45","modified_gmt":"2025-10-17T10:34:45","slug":"hiver-tarifs-horaires","status":"publish","type":"page","link":"https:\/\/la-grave.com\/en\/hiver-tarifs-horaires\/","title":{"rendered":"Winter : Prices &#8211; Opening"},"content":{"rendered":"<h5 style=\"padding-left: 40px;\"><span style=\"color: #808080;\">Open from 20 December 2025 to 03 May 2026<\/span><br \/><span style=\"color: #808080;\">from 9H00 (first ascent) to 16H30 (last descent of 3200m)<\/span><\/h5>\r\n<p>Icon<a href=\"#\">[#]<\/a> indicates packages sold directly online. (price and timetable updated 17\/09\/2026)<\/p>\r\n<p><\/p>\r\n<hr class=\"wp-block-separator has-text-color has-luminous-vivid-orange-color has-css-opacity has-luminous-vivid-orange-background-color has-background is-style-dots\" \/>\r\n<p><\/p>\r\n<h4 class=\"wp-block-heading has-very-dark-gray-color has-text-color\">Day pass and single ascent for winter backcountry<\/h4>\r\n<p><\/p>\r\n<p><\/p>\r\n<figure class=\"wp-block-table is-style-stripes\">\r\n<table>\r\n<tbody>\r\n<tr>\r\n<td><a href=\"https:\/\/la-grave.com\/en\/forfait-journee\/\">[#]<\/a>Cable cars + Ski lifts*<\/td>\r\n<td>66 \u20ac<\/td>\r\n<\/tr>\r\n<tr>\r\n<td>1 Return trip cable car + ski lift* or single uphill hike<\/td>\r\n<td>50 \u20ac<\/td>\r\n<\/tr>\r\n<tr>\r\n<td>Cable car 1st section (if 2nd section closed)<\/td>\r\n<td>39 \u20ac<\/td>\r\n<\/tr>\r\n<tr>\r\n<td><em>Reduced rates<\/em><\/td>\r\n<td>\u00a0<\/td>\r\n<\/tr>\r\n<tr>\r\n<td><a href=\"https:\/\/la-grave.com\/en\/forfait-journee\/\">[#]<\/a>Students, Young people\u00a0(&lt;=25 yo)<\/td>\r\n<td>50 \u20ac<\/td>\r\n<\/tr>\r\n<tr>\r\n<td>Card FFME, Alice, TTI, Cezame, Groups\u00a0( &gt; 15 people)<\/td>\r\n<td>57 \u20ac<\/td>\r\n<\/tr>\r\n<\/tbody>\r\n<\/table>\r\n<\/figure>\r\n<p><\/p>\r\n<p><\/p>\r\n<h6 class=\"wp-block-heading has-very-dark-gray-color has-text-color\">Packages for enthusiasts: (consecutive or non-consecutive days)<\/h6>\r\n<p><\/p>\r\n<p><\/p>\r\n<figure class=\"wp-block-table is-style-stripes\">\r\n<table>\r\n<tbody>\r\n<tr>\r\n<td><a href=\"https:\/\/www.flexipass-aeon.com\/lagrave\/adherez-au-flexi-pass\/\">[#]<\/a>Pay Per Use : the AEON Flexipass &#8211; Membership<\/td>\r\n<td>15 \u20ac<\/td>\r\n<\/tr>\r\n<tr>\r\n<td><a href=\"https:\/\/la-grave.com\/en\/passionnes\/\">[#]<\/a>2 Days<\/td>\r\n<td>126 \u20ac<\/td>\r\n<\/tr>\r\n<tr>\r\n<td><a href=\"https:\/\/la-grave.com\/en\/passionnes\/\">[#]<\/a>3 Days<\/td>\r\n<td>186 \u20ac<\/td>\r\n<\/tr>\r\n<tr>\r\n<td><a href=\"https:\/\/la-grave.com\/en\/passionnes\/\">[#]<\/a>6 Days<\/td>\r\n<td>330 \u20ac<\/td>\r\n<\/tr>\r\n<tr>\r\n<td><a href=\"https:\/\/la-grave.com\/en\/passionnes\/\">[#]<\/a>10 Days<\/td>\r\n<td>520 \u20ac<\/td>\r\n<\/tr>\r\n<tr>\r\n<td><a href=\"https:\/\/la-grave.com\/en\/forfait-saison\/\">[#]<\/a>Season pass La Grave<\/td>\r\n<td>1138 \u20ac<\/td>\r\n<\/tr>\r\n<tr>\r\n<td><a href=\"https:\/\/la-grave.com\/en\/forfait-saison\/\">[#]<\/a>Limited Edition Season Pass SuperNova<br \/>(La Grave, 2Alpes, Alpe d&#8217;Huez)<\/td>\r\n<td>1352 \u20ac<\/td>\r\n<\/tr>\r\n<tr>\r\n<td><a href=\"https:\/\/la-grave.com\/en\/forfait-saison\/\">[#]<\/a>Season pass valid excluding weekends and French Day-off<\/td>\r\n<td>637 \u20ac<\/td>\r\n<\/tr>\r\n<\/tbody>\r\n<\/table>\r\n<\/figure>\r\n<p><\/p>\r\n<p><em><span style=\"color: #000000;\">Benefits &amp; interstations deals :\u00a0<\/span><\/em><\/p>\r\n<ul>\r\n<li style=\"list-style-type: none;\">\r\n<ul>\r\n<li><span class=\"has-small-font-size\" style=\"color: #ff9900;\">with your 6-day pass or more, and your season pass,<\/span><br data-rich-text-line-break=\"true\" \/><span class=\"has-small-font-size\" style=\"color: #ff9900;\">Serre-Chevalier Vall\u00e9e &amp; L&#8217;Alpe d&#8217;Huez et Les 2 Alpes :<br \/>-25% off day pass<\/span><\/li>\r\n<li><span class=\"has-small-font-size\" style=\"color: #ff6600;\">Plus with your season pass :<\/span><br data-rich-text-line-break=\"true\" \/><span class=\"has-small-font-size\" style=\"color: #ff6600;\">L&#8217;Alpe du Grand Serre : -50% off day pass (limited to 2 days)<\/span><br data-rich-text-line-break=\"true\" \/><span class=\"has-small-font-size\" style=\"color: #ff6600;\">Le Chazelet : Free on days when the lifts are closed<\/span><br data-rich-text-line-break=\"true\" \/><span class=\"has-small-font-size\" style=\"color: #ff6600;\">offer limited to one discount per day and per person, ask for details at the cash desk.<\/span><\/li>\r\n<\/ul>\r\n<\/li>\r\n<\/ul>\r\n<p><\/p>\r\n<hr class=\"wp-block-separator has-css-opacity is-style-wide\" \/>\r\n<p><\/p>\r\n<h3 class=\"wp-block-heading has-very-dark-gray-color has-text-color\">Pedestrians &#8211; Panorama<\/h3>\r\n<p><\/p>\r\n<p><\/p>\r\n<figure class=\"wp-block-table is-style-stripes\">\r\n<table>\r\n<tbody>\r\n<tr>\r\n<td>Return Journey Adult at 3200m<\/td>\r\n<td>37 \u20ac<\/td>\r\n<\/tr>\r\n<tr>\r\n<td>Return Journey Child\u00a0(&lt;=18 yo)\u00a0at 3200m<\/td>\r\n<td>25 \u20ac<\/td>\r\n<\/tr>\r\n<tr>\r\n<td>Familly Return Journey (2 adults + unlimited same family children)<\/td>\r\n<td>84 \u20ac<\/td>\r\n<\/tr>\r\n<tr>\r\n<td>Return Journey Group (&gt; 15 people)<\/td>\r\n<td>32 \u20ac<\/td>\r\n<\/tr>\r\n<tr>\r\n<td>Paragliding pass (5 rides)<\/td>\r\n<td>127 \u20ac<\/td>\r\n<\/tr>\r\n<\/tbody>\r\n<\/table>\r\n<\/figure>\r\n<p><\/p>\r\n<p><\/p>\r\n<hr class=\"wp-block-separator has-css-opacity\" \/>\r\n<p><\/p>\r\n<p><strong>Dogs are accepted only if kept on a lead and muzzled: \u20ac12 \/ dog \/ day.<\/strong><\/p>\r\n<p><\/p>\r\n<p><\/p>\r\n<p><strong>Payment methods accepted :<\/strong><br \/>Cash, credit cards, AmEx, ANCV holiday vouchers (paper version)).<br \/><img decoding=\"async\" src=\"https:\/\/la-grave.com\/wp-content\/uploads\/2020\/05\/icone-cb.gif\" alt=\"cb\" width=\"122\" height=\"61\" \/><img decoding=\"async\" src=\"https:\/\/la-grave.com\/wp-content\/uploads\/2020\/05\/cheque-vacances.jpg\" width=\"95\" height=\"62\" \/><\/p>\r\n<p><\/p>\r\n<p><\/p>\r\n<hr class=\"wp-block-separator has-css-opacity\" \/>\r\n<p><\/p>\r\n<p class=\"has-small-font-size\"><em>*Daily operation of the ski lifts is subject to weather conditions and is not guaranteed.<\/em><\/p>\r\n<p><\/p>\r\n<p><\/p>\r\n<p class=\"has-small-font-size\">SATG, which operates the cable cars on the Meije glaciers, is responsible for the safety of its customers up to the exit of the cable car stations and within the signposted and secure area of the glacier slopes. Outside these areas, you ski under your own responsibility.<\/p>\r\n<p><\/p>\r\n<p><\/p>\r\n<p class=\"has-small-font-size\">Net prices, opening dates and terms and conditions of sale are indicative and subject to change (subject to VAT).<\/p>\r\n<p><\/p>\r\n<p><\/p>\r\n<p class=\"has-text-align-center has-small-font-size\"><a href=\"https:\/\/la-grave.com\/cgv-et-dacces-au-domaine\/\">&#8211; Terms and conditions of sale can be downloaded here (french only)-<\/a><\/p>\r\n<p><\/p>","protected":false},"excerpt":{"rendered":"<p>Open from 20 December 2025 to 03 May 2026from 9H00 (first ascent) to 16H30 (last descent of 3200m) Icon[#] indicates packages sold directly online. (price and timetable updated 17\/09\/2026) Day pass and single ascent for winter backcountry [#]Cable cars + Ski lifts* 66 \u20ac 1 Return trip cable car + ski lift* or single uphill [&hellip;]<\/p>\n","protected":false},"author":1,"featured_media":41,"parent":0,"menu_order":0,"comment_status":"closed","ping_status":"closed","template":"","meta":{"footnotes":""},"class_list":["post-2135","page","type-page","status-publish","has-post-thumbnail","hentry"],"translation":{"provider":"WPGlobus","version":"3.0.2","language":"en","enabled_languages":["fr","en"],"languages":{"fr":{"title":true,"content":true,"excerpt":false},"en":{"title":true,"content":true,"excerpt":false}}},"yoast_head":"<!-- This site is optimized with the Yoast SEO plugin v27.5 - https:\/\/yoast.com\/product\/yoast-seo-wordpress\/ -->\n<title>Winter : Prices - Opening - La Grave<\/title>\n<meta name=\"robots\" content=\"index, follow, max-snippet:-1, max-image-preview:large, max-video-preview:-1\" \/>\n<link rel=\"canonical\" href=\"https:\/\/la-grave.com\/hiver-tarifs-horaires\/\" \/>\n<meta property=\"og:locale\" content=\"en_US\" \/>\n<meta property=\"og:type\" content=\"article\" \/>\n<meta property=\"og:title\" content=\"Winter : Prices - Opening - La Grave\" \/>\n<meta property=\"og:url\" content=\"https:\/\/la-grave.com\/hiver-tarifs-horaires\/\" \/>\n<meta property=\"og:site_name\" content=\"La Grave\" \/>\n<meta property=\"article:modified_time\" content=\"2025-10-17T10:34:45+00:00\" \/>\n<meta property=\"og:image\" content=\"https:\/\/la-grave.com\/wp-content\/uploads\/2020\/05\/focus.jpg\" \/>\n\t<meta property=\"og:image:width\" content=\"2000\" \/>\n\t<meta property=\"og:image:height\" content=\"1125\" \/>\n\t<meta property=\"og:image:type\" content=\"image\/jpeg\" \/>\n<meta name=\"twitter:card\" content=\"summary_large_image\" \/>\n<meta name=\"twitter:label1\" content=\"Est. reading time\" \/>\n\t<meta name=\"twitter:data1\" content=\"3 minutes\" \/>\n<script type=\"application\/ld+json\" class=\"yoast-schema-graph\">{\"@context\":\"https:\\\/\\\/schema.org\",\"@graph\":[{\"@type\":\"WebPage\",\"@id\":\"https:\\\/\\\/la-grave.com\\\/hiver-tarifs-horaires\\\/\",\"url\":\"https:\\\/\\\/la-grave.com\\\/hiver-tarifs-horaires\\\/\",\"name\":\"Winter : Prices - Opening - La Grave\",\"isPartOf\":{\"@id\":\"https:\\\/\\\/la-grave.com\\\/#website\"},\"primaryImageOfPage\":{\"@id\":\"https:\\\/\\\/la-grave.com\\\/hiver-tarifs-horaires\\\/#primaryimage\"},\"image\":{\"@id\":\"https:\\\/\\\/la-grave.com\\\/hiver-tarifs-horaires\\\/#primaryimage\"},\"thumbnailUrl\":\"https:\\\/\\\/la-grave.com\\\/wp-content\\\/uploads\\\/2020\\\/05\\\/focus.jpg\",\"datePublished\":\"2020-05-03T18:00:37+00:00\",\"dateModified\":\"2025-10-17T10:34:45+00:00\",\"description\":\"Tarifs et horaire de l'hiver, forfait journ\u00e9e, mont\u00e9e simple randonn\u00e9e. Tous les tarifs de votre journ\u00e9e freeride sur le spot de La Grave la Meije.\",\"breadcrumb\":{\"@id\":\"https:\\\/\\\/la-grave.com\\\/hiver-tarifs-horaires\\\/#breadcrumb\"},\"inLanguage\":\"en-US\",\"potentialAction\":[{\"@type\":\"ReadAction\",\"target\":[\"https:\\\/\\\/la-grave.com\\\/hiver-tarifs-horaires\\\/\"]}]},{\"@type\":\"ImageObject\",\"inLanguage\":\"en-US\",\"@id\":\"https:\\\/\\\/la-grave.com\\\/hiver-tarifs-horaires\\\/#primaryimage\",\"url\":\"https:\\\/\\\/la-grave.com\\\/wp-content\\\/uploads\\\/2020\\\/05\\\/focus.jpg\",\"contentUrl\":\"https:\\\/\\\/la-grave.com\\\/wp-content\\\/uploads\\\/2020\\\/05\\\/focus.jpg\",\"width\":2000,\"height\":1125},{\"@type\":\"BreadcrumbList\",\"@id\":\"https:\\\/\\\/la-grave.com\\\/hiver-tarifs-horaires\\\/#breadcrumb\",\"itemListElement\":[{\"@type\":\"ListItem\",\"position\":1,\"name\":\"Accueil\",\"item\":\"https:\\\/\\\/la-grave.com\\\/\"},{\"@type\":\"ListItem\",\"position\":2,\"name\":\"Hiver : Tarifs &#8211; Horaires\"}]},{\"@type\":\"WebSite\",\"@id\":\"https:\\\/\\\/la-grave.com\\\/#website\",\"url\":\"https:\\\/\\\/la-grave.com\\\/\",\"name\":\"La Grave\",\"description\":\"One signposted route, the rest is up to you!\",\"potentialAction\":[{\"@type\":\"SearchAction\",\"target\":{\"@type\":\"EntryPoint\",\"urlTemplate\":\"https:\\\/\\\/la-grave.com\\\/?s={search_term_string}\"},\"query-input\":{\"@type\":\"PropertyValueSpecification\",\"valueRequired\":true,\"valueName\":\"search_term_string\"}}],\"inLanguage\":\"en-US\"}]}<\/script>\n<!-- \/ Yoast SEO plugin. -->","yoast_head_json":{"title":"Winter : Prices - Opening - La Grave","robots":{"index":"index","follow":"follow","max-snippet":"max-snippet:-1","max-image-preview":"max-image-preview:large","max-video-preview":"max-video-preview:-1"},"canonical":"https:\/\/la-grave.com\/hiver-tarifs-horaires\/","og_locale":"en_US","og_type":"article","og_title":"Winter : Prices - Opening - La Grave","og_url":"https:\/\/la-grave.com\/hiver-tarifs-horaires\/","og_site_name":"La Grave","article_modified_time":"2025-10-17T10:34:45+00:00","og_image":[{"width":2000,"height":1125,"url":"https:\/\/la-grave.com\/wp-content\/uploads\/2020\/05\/focus.jpg","type":"image\/jpeg"}],"twitter_card":"summary_large_image","twitter_misc":{"Est. reading time":"3 minutes"},"schema":{"@context":"https:\/\/schema.org","@graph":[{"@type":"WebPage","@id":"https:\/\/la-grave.com\/hiver-tarifs-horaires\/","url":"https:\/\/la-grave.com\/hiver-tarifs-horaires\/","name":"Winter : Prices - Opening - La Grave","isPartOf":{"@id":"https:\/\/la-grave.com\/#website"},"primaryImageOfPage":{"@id":"https:\/\/la-grave.com\/hiver-tarifs-horaires\/#primaryimage"},"image":{"@id":"https:\/\/la-grave.com\/hiver-tarifs-horaires\/#primaryimage"},"thumbnailUrl":"https:\/\/la-grave.com\/wp-content\/uploads\/2020\/05\/focus.jpg","datePublished":"2020-05-03T18:00:37+00:00","dateModified":"2025-10-17T10:34:45+00:00","description":"Tarifs et horaire de l'hiver, forfait journ\u00e9e, mont\u00e9e simple randonn\u00e9e. Tous les tarifs de votre journ\u00e9e freeride sur le spot de La Grave la Meije.","breadcrumb":{"@id":"https:\/\/la-grave.com\/hiver-tarifs-horaires\/#breadcrumb"},"inLanguage":"en-US","potentialAction":[{"@type":"ReadAction","target":["https:\/\/la-grave.com\/hiver-tarifs-horaires\/"]}]},{"@type":"ImageObject","inLanguage":"en-US","@id":"https:\/\/la-grave.com\/hiver-tarifs-horaires\/#primaryimage","url":"https:\/\/la-grave.com\/wp-content\/uploads\/2020\/05\/focus.jpg","contentUrl":"https:\/\/la-grave.com\/wp-content\/uploads\/2020\/05\/focus.jpg","width":2000,"height":1125},{"@type":"BreadcrumbList","@id":"https:\/\/la-grave.com\/hiver-tarifs-horaires\/#breadcrumb","itemListElement":[{"@type":"ListItem","position":1,"name":"Accueil","item":"https:\/\/la-grave.com\/"},{"@type":"ListItem","position":2,"name":"Hiver : Tarifs &#8211; Horaires"}]},{"@type":"WebSite","@id":"https:\/\/la-grave.com\/#website","url":"https:\/\/la-grave.com\/","name":"La Grave","description":"One signposted route, the rest is up to you!","potentialAction":[{"@type":"SearchAction","target":{"@type":"EntryPoint","urlTemplate":"https:\/\/la-grave.com\/?s={search_term_string}"},"query-input":{"@type":"PropertyValueSpecification","valueRequired":true,"valueName":"search_term_string"}}],"inLanguage":"en-US"}]}},"_links":{"self":[{"href":"https:\/\/la-grave.com\/en\/wp-json\/wp\/v2\/pages\/2135","targetHints":{"allow":["GET"]}}],"collection":[{"href":"https:\/\/la-grave.com\/en\/wp-json\/wp\/v2\/pages"}],"about":[{"href":"https:\/\/la-grave.com\/en\/wp-json\/wp\/v2\/types\/page"}],"author":[{"embeddable":true,"href":"https:\/\/la-grave.com\/en\/wp-json\/wp\/v2\/users\/1"}],"replies":[{"embeddable":true,"href":"https:\/\/la-grave.com\/en\/wp-json\/wp\/v2\/comments?post=2135"}],"version-history":[{"count":0,"href":"https:\/\/la-grave.com\/en\/wp-json\/wp\/v2\/pages\/2135\/revisions"}],"wp:featuredmedia":[{"embeddable":true,"href":"https:\/\/la-grave.com\/en\/wp-json\/wp\/v2\/media\/41"}],"wp:attachment":[{"href":"https:\/\/la-grave.com\/en\/wp-json\/wp\/v2\/media?parent=2135"}],"curies":[{"name":"wp","href":"https:\/\/api.w.org\/{rel}","templated":true}]}}