{"id":3073,"date":"2020-06-15T18:54:00","date_gmt":"2020-06-15T16:54:00","guid":{"rendered":"https:\/\/la-grave.com\/?page_id=3073"},"modified":"2026-04-23T11:54:44","modified_gmt":"2026-04-23T09:54:44","slug":"ete-tarifs-horaires","status":"publish","type":"page","link":"https:\/\/la-grave.com\/en\/ete-tarifs-horaires\/","title":{"rendered":"Summer : Prices &#8211; Opening"},"content":{"rendered":"<p><\/p>\r\n<h4 class=\"wp-block-heading has-luminous-vivid-orange-color has-text-color\"><em><em>Calendar and timetables<\/em> 2026 \u2013 from 6 June to 13 September 2026<\/em><\/h4>\r\n<p><\/p>\r\n<p><\/p>\r\n<p>Icon <a href=\"#\">[#]<\/a> indicates packages sold directly online. updated on 26 of April\u00a0 2026 &#8211; Timetable for information only<\/p>\r\n<p><\/p>\r\n<p><\/p>\r\n<p>&nbsp;<\/p>\r\n<p><\/p>\r\n<p><\/p>\r\n<div class=\"wp-block-columns is-layout-flex wp-container-core-columns-is-layout-9d6595d7 wp-block-columns-is-layout-flex\">\r\n<div class=\"wp-block-column is-layout-flow wp-block-column-is-layout-flow\">\r\n<p><span style=\"color: #808080;\"><span style=\"color: #000000;\"><strong><em>From 6th to 26th of June :\u00a0<br \/><\/em><\/strong>Open every day.<\/span>\u00a0<\/span><\/p>\r\n<p><span style=\"color: #808080;\"><strong><em>Horaires :<\/em><\/strong><br \/>1st ascent at 7.30 am.<br \/>2nd ascent at 8.30 am<br \/>then operation from 10.30 a.m. to 3.30 p.m.<br \/>Last descent from 3200m at 16:15<\/span><\/p>\r\n<p><span style=\"color: #808080;\"><em>the ice cave and the restaurant are open during the same periods<\/em><\/span><\/p>\r\n<p><\/p>\r\n<\/div>\r\n<p><\/p>\r\n<p><\/p>\r\n<div class=\"wp-block-column has-black-color has-text-color is-layout-flow wp-block-column-is-layout-flow\">\r\n<p class=\"has-cyan-bluish-gray-color has-text-color\"><span style=\"color: #808080;\"><mark class=\"has-inline-color has-black-color\" style=\"background-color: rgba(0, 0, 0, 0);\"><strong><em>From 27th of June to 30th of August :<\/em><br \/><\/strong>Open every day<\/mark><strong><br \/><\/strong><\/span><\/p>\r\n<p><\/p>\r\n<p><\/p>\r\n<p><span style=\"color: #808080;\"><strong><em>Horaires :<\/em><\/strong><\/span><mark class=\"has-inline-color has-luminous-vivid-orange-color\" style=\"background-color: rgba(0, 0, 0, 0);\"><span style=\"color: #808080;\"><strong><em><br \/><\/em><\/strong>1st ascent at 7.30 am.<br \/>2nd ascent at 8.30 am.<\/span><br \/><span style=\"color: #808080;\">Operation from 08:30 to 15:30.<\/span><br \/><span style=\"color: #808080;\">Last descent from 3200m at 16:15<\/span><\/mark><\/p>\r\n<p><\/p>\r\n<p><\/p>\r\n<p class=\"has-black-color has-text-color\"><span style=\"color: #808080;\"><em>The ice cave and the restaurant are open during the same periods.<\/em><\/span><\/p>\r\n<p><\/p>\r\n<\/div>\r\n<p><\/p>\r\n<p><\/p>\r\n<div class=\"wp-block-column is-layout-flow wp-block-column-is-layout-flow\">\r\n<p><span style=\"color: #000000;\"><em><b>From 03rd to 06th and from 10th to 13th of September:\u00a0<\/b><\/em><\/span><br \/><span style=\"color: #000000;\">Open Thursday, Friday, Saturday and Sunday.<\/span><\/p>\r\n<p><span style=\"color: #808080;\"><strong><em>Timetable :<\/em><\/strong><\/span><br \/><span style=\"color: #808080;\">1st ascent at 8.30 am<br \/>2nd ascent at 10.30 a.m. then operation from 10.30 a.m. until 3.30 p.m.<\/span><br \/><span style=\"color: #808080;\">Last descent from 3200m at 16:15<\/span><\/p>\r\n<p><span style=\"color: #808080;\"><em>The ice cave and the restaurant are open during the same periods.<\/em><\/span><\/p>\r\n<p><\/p>\r\n<\/div>\r\n<p><\/p>\r\n<\/div>\r\n<p><\/p>\r\n<p><\/p>\r\n<hr class=\"wp-block-separator has-text-color has-luminous-vivid-orange-color has-css-opacity has-luminous-vivid-orange-background-color has-background is-style-wide\" \/>\r\n<p><\/p>\r\n<h2 class=\"wp-block-heading\">Package Experience La Grave<\/h2>\r\n<p><\/p>\r\n<p><\/p>\r\n<div class=\"wp-block-columns is-layout-flex wp-container-core-columns-is-layout-9d6595d7 wp-block-columns-is-layout-flex\">\r\n<div class=\"wp-block-column is-layout-flow wp-block-column-is-layout-flow\" style=\"flex-basis: 33.33%;\"><div class=\"wp-block-image\">\r\n<figure class=\"aligncenter size-large\"><img fetchpriority=\"high\" decoding=\"async\" width=\"300\" height=\"263\" class=\"wp-image-2817\" src=\"https:\/\/la-grave.com\/wp-content\/uploads\/2020\/05\/emotions.png\" alt=\"\" \/><\/figure><\/div><\/p>\r\n<\/div>\r\n<p><\/p>\r\n<p><\/p>\r\n<div class=\"wp-block-column is-layout-flow wp-block-column-is-layout-flow\" style=\"flex-basis: 66.66%;\">\r\n<p>On your own, or with a meal included at the panoramic &#8220;La Cabine&#8221; restaurant at 3200m<\/p>\r\n<h6>Pack Duo :<\/h6>\r\n<p>Experience 88\u20ac \/ Passion 144\u20ac<\/p>\r\n<h6>Pack Famille :<\/h6>\r\n<p>Experience 110\u20ac \/ Passion 200 \u20ac<\/p>\r\n<p><\/p>\r\n<p><\/p>\r\n<p>&nbsp;<\/p>\r\n<p><\/p>\r\n<\/div>\r\n<p><\/p>\r\n<\/div>\r\n<p><\/p>\r\n<p><\/p>\r\n<p style=\"font-size: 12px;\">\u2013 Return trip to 3200m by cable car &#8211; Access to the Sensation course at 2400m &#8211; Access to the Glacier course at 3200m &#8211; Access to the Ice Grotto | Option Passion : Dish of the day &#8211; Dessert (or pizza for teenagers or children) at the Restaurant La Cabine de 3200 at the top of the cable car &#8211; Family rates based on 2 parents + 2 children under 20 yo. <br \/>Additional child: Experience 6\u20ac \/ Passion 23\u20ac.<\/p>\r\n<p><\/p>\r\n<p><\/p>\r\n<hr class=\"wp-block-separator has-text-color has-luminous-vivid-orange-color has-css-opacity has-luminous-vivid-orange-background-color has-background is-style-wide\" \/>\r\n<p><\/p>\r\n<h4 class=\"wp-block-heading has-luminous-vivid-orange-color has-text-color\">Pedestrians Panorama: from La Grave to 3200 m<\/h4>\r\n<p><\/p>\r\n<p><\/p>\r\n<figure class=\"wp-block-table is-style-stripes\">\r\n<table>\r\n<tbody>\r\n<tr>\r\n<td><a href=\"https:\/\/la-grave.com\/pack-experience-famille\/\">[#]<\/a>Family package [2 parents with child(ren) under 20]*.<\/td>\r\n<td>84\u20ac<\/td>\r\n<\/tr>\r\n<tr>\r\n<td><a href=\"https:\/\/la-grave.com\/pietons-alpinistes\/\">[#]<\/a>Return journey adult<\/td>\r\n<td>37\u20ac<\/td>\r\n<\/tr>\r\n<tr>\r\n<td>Single ascent to 3200m \/\/ Single descent from 3200m to la Grave<\/td>\r\n<td>32\u20ac<\/td>\r\n<\/tr>\r\n<tr>\r\n<td>Reduced rates<\/td>\r\n<td>\u00a0<\/td>\r\n<\/tr>\r\n<tr>\r\n<td><a href=\"https:\/\/la-grave.com\/pietons-alpinistes\/\">[#]<\/a>Return Journey Child\u00a0(&lt;=18yo)<\/td>\r\n<td>25\u20ac<\/td>\r\n<\/tr>\r\n<tr>\r\n<td>Return Journey Group( &gt; 15 people with single payment)<\/td>\r\n<td>32\u20ac<\/td>\r\n<\/tr>\r\n<\/tbody>\r\n<\/table>\r\n<\/figure>\r\n<p><\/p>\r\n<p><\/p>\r\n<h3 class=\"wp-block-heading has-vivid-red-color has-text-color\">Ice Cave &amp; Guided Glacier Walk :<\/h3>\r\n<p><\/p>\r\n<p><\/p>\r\n<figure class=\"wp-block-table is-style-stripes\">\r\n<table>\r\n<tbody>\r\n<tr>\r\n<td><strong><em>The Ice Grotto will be open again from 6th of June!<br \/>Prices : Adults \u20ac7 &#8211; Children and groups (&lt;18yo) : 6\u20ac<\/em><\/strong><\/td>\r\n<td>\u00a0<\/td>\r\n<\/tr>\r\n<tr>\r\n<td>\u00a0<\/td>\r\n<td>\u00a0<\/td>\r\n<\/tr>\r\n<\/tbody>\r\n<\/table>\r\n<figcaption class=\"wp-element-caption\">\r\n<h6>Guided Glacier Walk :<br \/>The walks take place on Wednesdays, Fridays and Sundays.<br \/>Bookings through the La Grave Guides Office<br \/>or at the cable car ticket offices<br \/>Prices : Adults 40 \u20ac &#8211; Children (&lt;18yo) : 30 \u20ac<\/h6>\r\n<\/figcaption>\r\n<\/figure>\r\n<p><\/p>\r\n<p><\/p>\r\n<hr class=\"wp-block-separator has-css-opacity\" \/>\r\n<p><\/p>\r\n<h3 class=\"wp-block-heading\">Paragliding and mountain biking :<\/h3>\r\n<p><\/p>\r\n<p><\/p>\r\n<figure class=\"wp-block-table is-style-stripes\">\r\n<table>\r\n<thead>\r\n<tr>\r\n<th>To ensure that the mountain is enjoyed by all, we invite you to ride during the low season (before 15 July and after 15 August).<\/th>\r\n<th>\u00a0<\/th>\r\n<\/tr>\r\n<\/thead>\r\n<tbody>\r\n<tr>\r\n<td>Paragliding pass: 5 ascents to 3200m<br \/><em>if take-off is not possible, return by cable car free of charge<\/em><\/td>\r\n<td>127\u20ac<\/td>\r\n<\/tr>\r\n<tr>\r\n<td><a href=\"https:\/\/la-grave.com\/vtt-de-montagne\/\">[#]<\/a>Mountain bike pass: 5 climbs to 2400m<\/td>\r\n<td>80\u20ac<\/td>\r\n<\/tr>\r\n<tr>\r\n<td><a href=\"https:\/\/la-grave.com\/vtt-de-montagne\/\">[#]<\/a>Mountain bike Day pass<br \/><em>As soon as the second section is passable, the day pass will be \u20ac41.<\/em><\/td>\r\n<td>34\/45 \u20ac<\/td>\r\n<\/tr>\r\n<\/tbody>\r\n<\/table>\r\n<\/figure>\r\n<p><\/p>\r\n<p><\/p>\r\n<hr class=\"wp-block-separator has-css-opacity\" \/>\r\n<p><\/p>\r\n<h6 class=\"wp-block-heading has-very-dark-gray-color has-text-color\"><strong>First section, from La Grave to 2400 m :<\/strong><\/h6>\r\n<p><\/p>\r\n<p><\/p>\r\n<figure class=\"wp-block-table is-style-stripes\">\r\n<table>\r\n<tbody>\r\n<tr>\r\n<td>Return journey 1st section<\/td>\r\n<td>25 \u20ac<\/td>\r\n<\/tr>\r\n<tr>\r\n<td>Single ascent to 2400m<\/td>\r\n<td>20 \u20ac<\/td>\r\n<\/tr>\r\n<tr>\r\n<td>Single descent of 2400m<\/td>\r\n<td>20\u20ac<\/td>\r\n<\/tr>\r\n<\/tbody>\r\n<\/table>\r\n<\/figure>\r\n<p><\/p>\r\n<p><\/p>\r\n<h6 class=\"wp-block-heading has-very-dark-gray-color has-text-color\"><strong>Second section, from 2400m to 3200m:<\/strong><\/h6>\r\n<p><\/p>\r\n<p><\/p>\r\n<figure class=\"wp-block-table is-style-stripes\">\r\n<table>\r\n<tbody>\r\n<tr>\r\n<td>Return journey Second section<\/td>\r\n<td>25\u20ac<\/td>\r\n<\/tr>\r\n<tr>\r\n<td>single ascent from 2400m to 3200m<\/td>\r\n<td>20\u20ac<\/td>\r\n<\/tr>\r\n<tr>\r\n<td>Single descent from 3200m to 2400m<\/td>\r\n<td>20\u20ac<\/td>\r\n<\/tr>\r\n<\/tbody>\r\n<\/table>\r\n<\/figure>\r\n<p><\/p>\r\n<p><\/p>\r\n<p>&nbsp;<\/p>\r\n<p><\/p>\r\n<p><\/p>\r\n<hr class=\"wp-block-separator has-css-opacity\" \/>\r\n<p><\/p>\r\n<p><strong>Dogs are accepted only if kept on a lead and muzzled: \u20ac12 \/ dog \/ day.<\/strong><\/p>\r\n<p><\/p>\r\n<p><\/p>\r\n<p><strong><strong><strong>Payment methods accepted :<\/strong><\/strong><\/strong><br \/>cash, bank cards, AmEx, ANCV holiday vouchers.<br \/><img decoding=\"async\" src=\"https:\/\/la-grave.com\/wp-content\/uploads\/2020\/05\/icone-cb.gif\" alt=\"cb\" width=\"122\" height=\"61\" \/><img decoding=\"async\" src=\"https:\/\/la-grave.com\/wp-content\/uploads\/2020\/05\/cheque-vacances.jpg\" width=\"95\" height=\"62\" \/><\/p>\r\n<p><\/p>\r\n<p><\/p>\r\n<hr class=\"wp-block-separator has-css-opacity\" \/>\r\n<p><\/p>\r\n<p class=\"has-small-font-size\">SATG, which operates the cable cars on the Meije glaciers, is responsible for the safety of its customers up to the exit of the cable car stations and within the signposted and secure area of the glacier slopes. Outside these areas, you evolve under your own responsibility.<\/p>\r\n<p><\/p>\r\n<p><\/p>\r\n<p class=\"has-text-align-center has-small-font-size\"><a href=\"https:\/\/la-grave.com\/cgv-et-dacces-au-domaine\/\">&#8211; Terms and conditions of sale can be downloaded here (only in french)-<\/a><\/p>\r\n<p><\/p>","protected":false},"excerpt":{"rendered":"<p>Calendar and timetables 2026 \u2013 from 6 June to 13 September 2026 Icon [#] indicates packages sold directly online. updated on 26 of April\u00a0 2026 &#8211; Timetable for information only &nbsp; From 6th to 26th of June :\u00a0Open every day.\u00a0 Horaires :1st ascent at 7.30 am.2nd ascent at 8.30 amthen operation from 10.30 a.m. to [&hellip;]<\/p>\n","protected":false},"author":1,"featured_media":1893,"parent":0,"menu_order":0,"comment_status":"closed","ping_status":"closed","template":"page_f.php","meta":{"footnotes":""},"class_list":["post-3073","page","type-page","status-publish","has-post-thumbnail","hentry"],"translation":{"provider":"WPGlobus","version":"3.0.2","language":"en","enabled_languages":["fr","en"],"languages":{"fr":{"title":true,"content":true,"excerpt":false},"en":{"title":true,"content":true,"excerpt":false}}},"yoast_head":"<!-- This site is optimized with the Yoast SEO plugin v27.4 - https:\/\/yoast.com\/product\/yoast-seo-wordpress\/ -->\n<title>Summer : Prices - Opening - La Grave<\/title>\n<meta name=\"robots\" content=\"index, follow, max-snippet:-1, max-image-preview:large, max-video-preview:-1\" \/>\n<link rel=\"canonical\" href=\"https:\/\/la-grave.com\/ete-tarifs-horaires\/\" \/>\n<meta property=\"og:locale\" content=\"en_US\" \/>\n<meta property=\"og:type\" content=\"article\" \/>\n<meta property=\"og:title\" content=\"Summer : Prices - Opening - La Grave\" \/>\n<meta property=\"og:url\" content=\"https:\/\/la-grave.com\/ete-tarifs-horaires\/\" \/>\n<meta property=\"og:site_name\" content=\"La Grave\" \/>\n<meta property=\"article:modified_time\" content=\"2026-04-23T09:54:44+00:00\" \/>\n<meta property=\"og:image\" content=\"https:\/\/la-grave.com\/wp-content\/uploads\/2020\/05\/D2D_2290_DxO-scaled.jpg\" \/>\n\t<meta property=\"og:image:width\" content=\"2560\" \/>\n\t<meta property=\"og:image:height\" content=\"1714\" \/>\n\t<meta property=\"og:image:type\" content=\"image\/jpeg\" \/>\n<meta name=\"twitter:card\" content=\"summary_large_image\" \/>\n<meta name=\"twitter:label1\" content=\"Est. reading time\" \/>\n\t<meta name=\"twitter:data1\" content=\"4 minutes\" \/>\n<script type=\"application\/ld+json\" class=\"yoast-schema-graph\">{\"@context\":\"https:\\\/\\\/schema.org\",\"@graph\":[{\"@type\":\"WebPage\",\"@id\":\"https:\\\/\\\/la-grave.com\\\/ete-tarifs-horaires\\\/\",\"url\":\"https:\\\/\\\/la-grave.com\\\/ete-tarifs-horaires\\\/\",\"name\":\"Summer : Prices - Opening - La Grave\",\"isPartOf\":{\"@id\":\"https:\\\/\\\/la-grave.com\\\/#website\"},\"primaryImageOfPage\":{\"@id\":\"https:\\\/\\\/la-grave.com\\\/ete-tarifs-horaires\\\/#primaryimage\"},\"image\":{\"@id\":\"https:\\\/\\\/la-grave.com\\\/ete-tarifs-horaires\\\/#primaryimage\"},\"thumbnailUrl\":\"https:\\\/\\\/la-grave.com\\\/wp-content\\\/uploads\\\/2020\\\/05\\\/D2D_2290_DxO-scaled.jpg\",\"datePublished\":\"2020-06-15T16:54:00+00:00\",\"dateModified\":\"2026-04-23T09:54:44+00:00\",\"description\":\"Calendrier, horaires et tarifs de l'\u00e9t\u00e9. Aller-retour-pietons, visite de la grotte de glace, balade glacier, journ\u00e9e mountainbike. La Meije \u00e0 vos pieds\",\"breadcrumb\":{\"@id\":\"https:\\\/\\\/la-grave.com\\\/ete-tarifs-horaires\\\/#breadcrumb\"},\"inLanguage\":\"en-US\",\"potentialAction\":[{\"@type\":\"ReadAction\",\"target\":[\"https:\\\/\\\/la-grave.com\\\/ete-tarifs-horaires\\\/\"]}]},{\"@type\":\"ImageObject\",\"inLanguage\":\"en-US\",\"@id\":\"https:\\\/\\\/la-grave.com\\\/ete-tarifs-horaires\\\/#primaryimage\",\"url\":\"https:\\\/\\\/la-grave.com\\\/wp-content\\\/uploads\\\/2020\\\/05\\\/D2D_2290_DxO-scaled.jpg\",\"contentUrl\":\"https:\\\/\\\/la-grave.com\\\/wp-content\\\/uploads\\\/2020\\\/05\\\/D2D_2290_DxO-scaled.jpg\",\"width\":2560,\"height\":1714},{\"@type\":\"BreadcrumbList\",\"@id\":\"https:\\\/\\\/la-grave.com\\\/ete-tarifs-horaires\\\/#breadcrumb\",\"itemListElement\":[{\"@type\":\"ListItem\",\"position\":1,\"name\":\"Accueil\",\"item\":\"https:\\\/\\\/la-grave.com\\\/\"},{\"@type\":\"ListItem\",\"position\":2,\"name\":\"Et\u00e9 : Tarifs &#038; Horaires\"}]},{\"@type\":\"WebSite\",\"@id\":\"https:\\\/\\\/la-grave.com\\\/#website\",\"url\":\"https:\\\/\\\/la-grave.com\\\/\",\"name\":\"La Grave\",\"description\":\"One signposted route, the rest is up to you!\",\"potentialAction\":[{\"@type\":\"SearchAction\",\"target\":{\"@type\":\"EntryPoint\",\"urlTemplate\":\"https:\\\/\\\/la-grave.com\\\/?s={search_term_string}\"},\"query-input\":{\"@type\":\"PropertyValueSpecification\",\"valueRequired\":true,\"valueName\":\"search_term_string\"}}],\"inLanguage\":\"en-US\"}]}<\/script>\n<!-- \/ Yoast SEO plugin. -->","yoast_head_json":{"title":"Summer : Prices - Opening - La Grave","robots":{"index":"index","follow":"follow","max-snippet":"max-snippet:-1","max-image-preview":"max-image-preview:large","max-video-preview":"max-video-preview:-1"},"canonical":"https:\/\/la-grave.com\/ete-tarifs-horaires\/","og_locale":"en_US","og_type":"article","og_title":"Summer : Prices - Opening - La Grave","og_url":"https:\/\/la-grave.com\/ete-tarifs-horaires\/","og_site_name":"La Grave","article_modified_time":"2026-04-23T09:54:44+00:00","og_image":[{"width":2560,"height":1714,"url":"https:\/\/la-grave.com\/wp-content\/uploads\/2020\/05\/D2D_2290_DxO-scaled.jpg","type":"image\/jpeg"}],"twitter_card":"summary_large_image","twitter_misc":{"Est. reading time":"4 minutes"},"schema":{"@context":"https:\/\/schema.org","@graph":[{"@type":"WebPage","@id":"https:\/\/la-grave.com\/ete-tarifs-horaires\/","url":"https:\/\/la-grave.com\/ete-tarifs-horaires\/","name":"Summer : Prices - Opening - La Grave","isPartOf":{"@id":"https:\/\/la-grave.com\/#website"},"primaryImageOfPage":{"@id":"https:\/\/la-grave.com\/ete-tarifs-horaires\/#primaryimage"},"image":{"@id":"https:\/\/la-grave.com\/ete-tarifs-horaires\/#primaryimage"},"thumbnailUrl":"https:\/\/la-grave.com\/wp-content\/uploads\/2020\/05\/D2D_2290_DxO-scaled.jpg","datePublished":"2020-06-15T16:54:00+00:00","dateModified":"2026-04-23T09:54:44+00:00","description":"Calendrier, horaires et tarifs de l'\u00e9t\u00e9. Aller-retour-pietons, visite de la grotte de glace, balade glacier, journ\u00e9e mountainbike. La Meije \u00e0 vos pieds","breadcrumb":{"@id":"https:\/\/la-grave.com\/ete-tarifs-horaires\/#breadcrumb"},"inLanguage":"en-US","potentialAction":[{"@type":"ReadAction","target":["https:\/\/la-grave.com\/ete-tarifs-horaires\/"]}]},{"@type":"ImageObject","inLanguage":"en-US","@id":"https:\/\/la-grave.com\/ete-tarifs-horaires\/#primaryimage","url":"https:\/\/la-grave.com\/wp-content\/uploads\/2020\/05\/D2D_2290_DxO-scaled.jpg","contentUrl":"https:\/\/la-grave.com\/wp-content\/uploads\/2020\/05\/D2D_2290_DxO-scaled.jpg","width":2560,"height":1714},{"@type":"BreadcrumbList","@id":"https:\/\/la-grave.com\/ete-tarifs-horaires\/#breadcrumb","itemListElement":[{"@type":"ListItem","position":1,"name":"Accueil","item":"https:\/\/la-grave.com\/"},{"@type":"ListItem","position":2,"name":"Et\u00e9 : Tarifs &#038; Horaires"}]},{"@type":"WebSite","@id":"https:\/\/la-grave.com\/#website","url":"https:\/\/la-grave.com\/","name":"La Grave","description":"One signposted route, the rest is up to you!","potentialAction":[{"@type":"SearchAction","target":{"@type":"EntryPoint","urlTemplate":"https:\/\/la-grave.com\/?s={search_term_string}"},"query-input":{"@type":"PropertyValueSpecification","valueRequired":true,"valueName":"search_term_string"}}],"inLanguage":"en-US"}]}},"_links":{"self":[{"href":"https:\/\/la-grave.com\/en\/wp-json\/wp\/v2\/pages\/3073","targetHints":{"allow":["GET"]}}],"collection":[{"href":"https:\/\/la-grave.com\/en\/wp-json\/wp\/v2\/pages"}],"about":[{"href":"https:\/\/la-grave.com\/en\/wp-json\/wp\/v2\/types\/page"}],"author":[{"embeddable":true,"href":"https:\/\/la-grave.com\/en\/wp-json\/wp\/v2\/users\/1"}],"replies":[{"embeddable":true,"href":"https:\/\/la-grave.com\/en\/wp-json\/wp\/v2\/comments?post=3073"}],"version-history":[{"count":5,"href":"https:\/\/la-grave.com\/en\/wp-json\/wp\/v2\/pages\/3073\/revisions"}],"predecessor-version":[{"id":22361,"href":"https:\/\/la-grave.com\/en\/wp-json\/wp\/v2\/pages\/3073\/revisions\/22361"}],"wp:featuredmedia":[{"embeddable":true,"href":"https:\/\/la-grave.com\/en\/wp-json\/wp\/v2\/media\/1893"}],"wp:attachment":[{"href":"https:\/\/la-grave.com\/en\/wp-json\/wp\/v2\/media?parent=3073"}],"curies":[{"name":"wp","href":"https:\/\/api.w.org\/{rel}","templated":true}]}}